{"id":3899,"date":"2022-12-21T13:41:38","date_gmt":"2022-12-21T13:41:38","guid":{"rendered":"https:\/\/restaurantsantlluis.com\/carta-i-menus-ca\/"},"modified":"2025-07-20T15:42:21","modified_gmt":"2025-07-20T15:42:21","slug":"carta-i-menus","status":"publish","type":"page","link":"https:\/\/restaurantsantlluis.com\/ca\/carta-i-menus\/","title":{"rendered":"Carta i Men\u00fas CA"},"content":{"rendered":"\t\t<div data-elementor-type=\"wp-page\" data-elementor-id=\"3899\" class=\"elementor elementor-3899 elementor-3197\">\n\t\t\t\t\t\t\t\t\t<section data-particle_enable=\"false\" data-particle-mobile-disabled=\"false\" class=\"elementor-section elementor-top-section elementor-element elementor-element-57d2dc8 elementor-section-content-middle elementor-section-boxed elementor-section-height-default elementor-section-height-default\" data-id=\"57d2dc8\" data-element_type=\"section\" data-settings=\"{&quot;background_background&quot;:&quot;classic&quot;}\">\n\t\t\t\t\t\t<div class=\"elementor-container elementor-column-gap-default\">\n\t\t\t\t\t<div class=\"elementor-column elementor-col-100 elementor-top-column elementor-element elementor-element-e5663e0\" data-id=\"e5663e0\" data-element_type=\"column\">\n\t\t\t<div class=\"elementor-widget-wrap elementor-element-populated\">\n\t\t\t\t\t\t\t\t<div class=\"elementor-element elementor-element-bf2afda elementor-widget elementor-widget-heading\" data-id=\"bf2afda\" data-element_type=\"widget\" data-widget_type=\"heading.default\">\n\t\t\t\t<div class=\"elementor-widget-container\">\n\t\t\t<style>\/*! elementor - v3.9.1 - 14-12-2022 *\/\n.elementor-heading-title{padding:0;margin:0;line-height:1}.elementor-widget-heading .elementor-heading-title[class*=elementor-size-]>a{color:inherit;font-size:inherit;line-height:inherit}.elementor-widget-heading .elementor-heading-title.elementor-size-small{font-size:15px}.elementor-widget-heading .elementor-heading-title.elementor-size-medium{font-size:19px}.elementor-widget-heading .elementor-heading-title.elementor-size-large{font-size:29px}.elementor-widget-heading .elementor-heading-title.elementor-size-xl{font-size:39px}.elementor-widget-heading .elementor-heading-title.elementor-size-xxl{font-size:59px}<\/style><h2 class=\"elementor-heading-title elementor-size-default\">CARTA<\/h2>\t\t<\/div>\n\t\t\t\t<\/div>\n\t\t\t\t<div class=\"elementor-element elementor-element-52970b0 elementor-widget elementor-widget-eael-adv-accordion\" data-id=\"52970b0\" data-element_type=\"widget\" data-widget_type=\"eael-adv-accordion.default\">\n\t\t\t\t<div class=\"elementor-widget-container\">\n\t\t\t        <div class=\"eael-adv-accordion\" id=\"eael-adv-accordion-52970b0\" data-accordion-id=\"52970b0\" data-accordion-type=\"accordion\" data-toogle-speed=\"300\">\n    <div class=\"eael-accordion-list\">\n                <div id=\"aperitius-per-obrir-gana\" class=\"elementor-tab-title eael-accordion-header\" tabindex=\"8661\" data-tab=\"1\" role=\"tab\" aria-controls=\"elementor-tab-content-8661\"><span class=\"eael-advanced-accordion-icon-closed\"><i aria-hidden=\"true\" class=\"fa-accordion-icon fas fa-plus\"><\/i><\/span><span class=\"eael-advanced-accordion-icon-opened\"><i aria-hidden=\"true\" class=\"fa-accordion-icon fas fa-minus\"><\/i><\/span><span class=\"eael-accordion-tab-title\">Aperitius per obrir gana<\/span><i aria-hidden=\"true\" class=\"fa-toggle fas fa-angle-right\"><\/i><\/div><div id=\"elementor-tab-content-8661\" class=\"eael-accordion-content clearfix\" data-tab=\"1\" role=\"tabpanel\" aria-labelledby=\"aperitius-per-obrir-gana\"><p><ul class=\"food-menu menu-2cols\">\n<li>\n<h4><span class=\"menu-title\">Xips de patates casolanes <\/span><span class=\"menu-price\">4.00 \u20ac<\/span><\/h4>\n<\/li>\n<li>\n<h4><span class=\"menu-title\">Patates braves<\/span> <span class=\"menu-price\">7.50 \u20ac<\/span><\/h4>\n<div class=\"menu-text\">amb mojo pic\u00f3, allioli i salsa brava<\/div>\n<\/li>\n<li>\n<h4><span class=\"menu-title\">Escopinyes<br \/><\/span> <span class=\"menu-price\">12.50 \u20ac<\/span><\/h4>\n<div class=\"menu-text\">amb salsa Espinaler<\/div>\n<\/li>\n<li>\n<h4><span class=\"menu-title\">Olives farcides<\/span> <span class=\"menu-price\">7.25 \u20ac<\/span><\/h4>\n<div class=\"menu-text\">d'anxova natural \u201cEl Xillu\u201d amb xips de patates casolanes<\/div>\n<\/li>\n<li>\n<h4><span class=\"menu-title\">Papes arrugues<br \/><\/span> <span class=\"menu-price\">10.25 \u20ac<\/span><\/h4>\n<div class=\"menu-text\">amb formatge de cabra, mojo verd i vermell<\/div>\n<\/li>\n<li>\n<h4><span class=\"menu-title\">Croquetes de pollastre de pag\u00e8s<\/span> <span class=\"menu-price\">10.75 \u20ac<\/span><\/h4>\n<div class=\"menu-text\">8 unitats<\/div>\n<\/li>\n<li>\n<h4><span class=\"menu-title\">Croquetes de pernil ib\u00e8ric<\/span> <span class=\"menu-price\">10.75 \u20ac<\/span><\/h4>\n<div class=\"menu-text\">8 unitats<\/div>\n<\/li>\n<li>\n<h4><span class=\"menu-title\">Croquetes de marisc<\/span> <span class=\"menu-price\">13.50 \u20ac<\/span><\/h4>\n<div class=\"menu-text\">8 unitats<\/div>\n<\/li>\n<li>\n<h4><span class=\"menu-title\">Calamars a l'andalusa<\/span> <span class=\"menu-price\">18.75 \u20ac<\/span><\/h4>\n<div class=\"menu-text\">amb maionesa de mel i pera<\/div>\n<\/li>\n<li>\n<h4><span class=\"menu-title\">Musclos a la planxa<\/span> <span class=\"menu-price\">15.90 \u20ac<\/span><\/h4>\n<div class=\"menu-text\">amb vinagreta<\/div>\n<\/li>\n<li>\n<h4><span class=\"menu-title\">Filets d'anxova 00 \u201cEl Xillu\u201d<br \/><\/span> <span class=\"menu-price\">16.50 \u20ac<\/span><\/h4>\n<div class=\"menu-text\">amb pa de coca amb tom\u00e0quet<\/div>\n<\/li>\n<li>\n<h4><span class=\"menu-title\">Taula de formatges<br \/><\/span> <span class=\"menu-price\">18.60 \u20ac<\/span><\/h4>\n<div class=\"menu-text\">amb confitura de maduixes i fruits secs<\/div>\n<\/li>\n<li>\n<h4><span class=\"menu-title\">Sticks de pollastre casolans<\/span> <span class=\"menu-price\">11.90 \u20ac<\/span><\/h4>\n<div class=\"menu-text\">amb maionesa agredol\u00e7a de mel i mostassa<\/div>\n<\/li>\n<\/ul>\n<\/p><\/div>\n                <\/div><div class=\"eael-accordion-list\">\n                <div id=\"entrants-per-compartir-o-no\" class=\"elementor-tab-title eael-accordion-header\" tabindex=\"8662\" data-tab=\"2\" role=\"tab\" aria-controls=\"elementor-tab-content-8662\"><span class=\"eael-advanced-accordion-icon-closed\"><i aria-hidden=\"true\" class=\"fa-accordion-icon fas fa-plus\"><\/i><\/span><span class=\"eael-advanced-accordion-icon-opened\"><i aria-hidden=\"true\" class=\"fa-accordion-icon fas fa-minus\"><\/i><\/span><span class=\"eael-accordion-tab-title\">Entrants per compartir... o \"no\"<\/span><i aria-hidden=\"true\" class=\"fa-toggle fas fa-angle-right\"><\/i><\/div><div id=\"elementor-tab-content-8662\" class=\"eael-accordion-content clearfix\" data-tab=\"2\" role=\"tabpanel\" aria-labelledby=\"entrants-per-compartir-o-no\"><p><ul class=\"food-menu menu-2cols\">\n<li>\n<h4><span class=\"menu-title\">Nachos amb pulled pork<\/span> <span class=\"menu-price\">15.60 \u20ac<\/span><\/h4>\n<div class=\"menu-text\">amb guacamole i formatge fos<\/div>\n<\/li>\n<li>\n<h4><span class=\"menu-title\">L'esqueixada de bacall\u00e0<\/span> <span class=\"menu-price\">14.90 \u20ac<\/span><\/h4>\n<div class=\"menu-text\">amb vinagreta d'olives<\/div>\n<\/li>\n<li>\n<h4><span class=\"menu-title\">Steak t\u00e0rtar<br \/><\/span> <span class=\"menu-price\">16.80 \u20ac<\/span><\/h4>\n<div class=\"menu-text\">amb brioix, un toc de salsa picant i fumada<\/div>\n<\/li>\n<li>\n<h4><span class=\"menu-title\">Milfulls de patates del Sant Llu\u00eds<br \/><\/span> <span class=\"menu-price\">10.40 \u20ac<\/span><\/h4>\n<div class=\"menu-text\">amb salses braves<\/div>\n<\/li>\n<li>\n<h4><span class=\"menu-title\">Paletilla ib\u00e8rica <\/span><span class=\"menu-price\">18.00 \u20ac<\/span><\/h4>\n<div class=\"menu-text\">amb bastons de pa amb tom\u00e0quet<\/div>\n<\/li>\n<li>\n<h4><span class=\"menu-title\">Pota de pop<\/span> <span class=\"menu-price\">23.50 \u20ac<\/span><\/h4>\n<div class=\"menu-text\">amb parmentier de patata<\/div>\n<\/li>\n<li>\n<h4><span class=\"menu-title\">La graellada de verdures amb romesco<\/span> <span class=\"menu-price\">16.00 \u20ac<\/span><\/h4>\n<\/li>\n<li>\n<h4><span class=\"menu-title\">T\u00e0rtar de Tonyina Roja<\/span> <span class=\"menu-price\">20.75 \u20ac<\/span><\/h4>\n<\/li>\n<li>\n<h4><span class=\"menu-title\">T\u00e0rtar de Salm\u00f3<\/span> <span class=\"menu-price\">18.90 \u20ac<\/span><\/h4>\n<\/li>\n<li>\n<h4><span class=\"menu-title\">Fritureta de peix<\/span> <span class=\"menu-price\">17.50 \u20ac<\/span><\/h4>\n<div class=\"menu-text\">amb musclos, gambes, calamar i peixet fregit<\/div>\n<\/li>\n<li>\n<h4><span class=\"menu-title\">Pok\u00e9 bowl de temporada<\/span> <span class=\"menu-price\">13.50 \u20ac<\/span><\/h4>\n<\/li>\n<li>\n<h4><span class=\"menu-title\">Carpaccio de carbass\u00f3<\/span> <span class=\"menu-price\">13.00 \u20ac<\/span><\/h4>\n<\/li>\n<\/ul>\n<\/p><\/div>\n                <\/div><div class=\"eael-accordion-list\">\n                <div id=\"amanides\" class=\"elementor-tab-title eael-accordion-header\" tabindex=\"8663\" data-tab=\"3\" role=\"tab\" aria-controls=\"elementor-tab-content-8663\"><span class=\"eael-advanced-accordion-icon-closed\"><i aria-hidden=\"true\" class=\"fa-accordion-icon fas fa-plus\"><\/i><\/span><span class=\"eael-advanced-accordion-icon-opened\"><i aria-hidden=\"true\" class=\"fa-accordion-icon fas fa-minus\"><\/i><\/span><span class=\"eael-accordion-tab-title\">Amanides<\/span><i aria-hidden=\"true\" class=\"fa-toggle fas fa-angle-right\"><\/i><\/div><div id=\"elementor-tab-content-8663\" class=\"eael-accordion-content clearfix\" data-tab=\"3\" role=\"tabpanel\" aria-labelledby=\"amanides\"><p><ul class=\"food-menu menu-2cols\">\n<li>\n<h4><span class=\"menu-title\">Gazpacho andal\u00fas <\/span><span class=\"menu-price\">8.75 \u20ac<\/span><\/h4>\n<div class=\"menu-text\">nom\u00e9s temporada<\/div>\n<\/li>\n<li>\n<h4><span class=\"menu-title\">Amanida t\u00e8bia de formatge de cabra<\/span> <span class=\"menu-price\">12.75 \u20ac<\/span><\/h4>\n<div class=\"menu-text\">amb tom\u00e0quets cherry, panses, nous, maduixes i vinagreta de mango<\/div>\n<\/li>\n<li>\n<h4><span class=\"menu-title\">La burrata<\/span> <span class=\"menu-price\">14.75 \u20ac<\/span><\/h4>\n<div class=\"menu-text\">amb tom\u00e0quets confitats, canonges, festucs i crema de pesto<\/div>\n<\/li>\n<li>\n<h4><span class=\"menu-title\">Amanida verda<\/span> <span class=\"menu-price\">9.50 \u20ac<\/span><\/h4>\n<div class=\"menu-text\">amb tom\u00e0quet de Barbastre<\/div>\n<\/li>\n<li>\n<h4><span class=\"menu-title\">Amanida \"Bella\" <\/span><span class=\"menu-price\">15.60 \u20ac<\/span><\/h4>\n<div class=\"menu-text\">amb enciam juliana, alvocat, salm\u00f3 fumat, gambes, end\u00edvies i salsa rosa<\/div>\n<\/li>\n<\/ul>\n<\/p><\/div>\n                <\/div><div class=\"eael-accordion-list\">\n                <div id=\"les-nostres-pastes\" class=\"elementor-tab-title eael-accordion-header\" tabindex=\"8664\" data-tab=\"4\" role=\"tab\" aria-controls=\"elementor-tab-content-8664\"><span class=\"eael-advanced-accordion-icon-closed\"><i aria-hidden=\"true\" class=\"fa-accordion-icon fas fa-plus\"><\/i><\/span><span class=\"eael-advanced-accordion-icon-opened\"><i aria-hidden=\"true\" class=\"fa-accordion-icon fas fa-minus\"><\/i><\/span><span class=\"eael-accordion-tab-title\">Les nostres pastes<\/span><i aria-hidden=\"true\" class=\"fa-toggle fas fa-angle-right\"><\/i><\/div><div id=\"elementor-tab-content-8664\" class=\"eael-accordion-content clearfix\" data-tab=\"4\" role=\"tabpanel\" aria-labelledby=\"les-nostres-pastes\"><p><ul class=\"food-menu menu-2cols\">\n<li>\n<h4><span class=\"menu-title\">Spaghetti a l'aut\u00e8ntica carbonara<\/span> <span class=\"menu-price\">14.50 \u20ac<\/span><\/h4>\n<div class=\"menu-text\">amb guanciale i pecor\u00ed<\/div>\n<\/li>\n<li>\n<h4><span class=\"menu-title\">Spaghetti a la bolonyesa <\/span><span class=\"menu-price\">13.00 \u20ac<\/span><\/h4>\n<\/li>\n<li>\n<h4><span class=\"menu-title\">Fagott\u00ed de carbass\u00f3 artesanal<\/span> <span class=\"menu-price\">17.00 \u20ac<\/span><\/h4>\n<div class=\"menu-text\">farcit de ricota i provolone fumat amb escamorda fumada, tom\u00e0quets grocs i pesto de pistatxo<\/div>\n<\/li>\n<li>\n<h4><span class=\"menu-title\">Paccheri artesanal al \u201cfrutti di mare\u201d<\/span> <span class=\"menu-price\">18.50 \u20ac<\/span><\/h4>\n<div class=\"menu-text\">amb tom\u00e0quets semi-secs, stracciatella de burrata i ratlladura de llimona<\/div>\n<\/li>\n<\/ul>\n<\/p><\/div>\n                <\/div><div class=\"eael-accordion-list\">\n                <div id=\"del-mar-al-plat\" class=\"elementor-tab-title eael-accordion-header\" tabindex=\"8665\" data-tab=\"5\" role=\"tab\" aria-controls=\"elementor-tab-content-8665\"><span class=\"eael-advanced-accordion-icon-closed\"><i aria-hidden=\"true\" class=\"fa-accordion-icon fas fa-plus\"><\/i><\/span><span class=\"eael-advanced-accordion-icon-opened\"><i aria-hidden=\"true\" class=\"fa-accordion-icon fas fa-minus\"><\/i><\/span><span class=\"eael-accordion-tab-title\">Del mar al plat<\/span><i aria-hidden=\"true\" class=\"fa-toggle fas fa-angle-right\"><\/i><\/div><div id=\"elementor-tab-content-8665\" class=\"eael-accordion-content clearfix\" data-tab=\"5\" role=\"tabpanel\" aria-labelledby=\"del-mar-al-plat\"><p><ul class=\"food-menu menu-2cols\">\n<li>\n<h4><span class=\"menu-title\">Cassola de turbot de raci\u00f3 a la marinera<br \/><\/span> <span class=\"menu-price\">24.50 \u20ac<\/span><\/h4>\n<\/li>\n<li>\n<h4><span class=\"menu-title\">Salm\u00f3 a la brasa<\/span> <span class=\"menu-price\">20.50 \u20ac<\/span><\/h4>\n<div class=\"menu-text\">fumat amb fusta de Haia<\/div>\n<\/li>\n<li>\n<h4><span class=\"menu-title\">Bacall\u00e0 a l'Estil del Xef<\/span> <span class=\"menu-price\">18.25 \u20ac<\/span><\/h4>\n<\/li>\n<li>\n<h4><span class=\"menu-title\">Tataki de Tonyina Vermella <\/span><span class=\"menu-price\">21.50 \u20ac<\/span><\/h4>\n<\/li>\n<li>\n<h4><span class=\"menu-title\">Tataki de salm\u00f3<\/span> <span class=\"menu-price\">19.75 \u20ac<\/span><\/h4>\n<\/li>\n<\/ul>\n<\/p><\/div>\n                <\/div><div class=\"eael-accordion-list\">\n                <div id=\"plats-tradicionals\" class=\"elementor-tab-title eael-accordion-header\" tabindex=\"8666\" data-tab=\"6\" role=\"tab\" aria-controls=\"elementor-tab-content-8666\"><span class=\"eael-advanced-accordion-icon-closed\"><i aria-hidden=\"true\" class=\"fa-accordion-icon fas fa-plus\"><\/i><\/span><span class=\"eael-advanced-accordion-icon-opened\"><i aria-hidden=\"true\" class=\"fa-accordion-icon fas fa-minus\"><\/i><\/span><span class=\"eael-accordion-tab-title\">Plats tradicionals<\/span><i aria-hidden=\"true\" class=\"fa-toggle fas fa-angle-right\"><\/i><\/div><div id=\"elementor-tab-content-8666\" class=\"eael-accordion-content clearfix\" data-tab=\"6\" role=\"tabpanel\" aria-labelledby=\"plats-tradicionals\"><p><ul class=\"food-menu menu-2cols\">\n<li>\n<h4><span class=\"menu-title\">Canel\u00f3 d'estofat<br \/>\n<\/span> <span class=\"menu-price\">14.60 \u20ac<\/span><\/h4>\n<div class=\"menu-text\">amb formatge d'ovella cruixent i bolets<\/div>\n<\/li>\n<li>\n<h4><span class=\"menu-title\">Mel\u00f3s de porc<br \/>\n<\/span> <span class=\"menu-price\">13.90 \u20ac<\/span><\/h4>\n<div class=\"menu-text\">amb parmentier de patata<\/div>\n<\/li>\n<li>\n<h4><span class=\"menu-title\">Escalop Cordon Blue (de pollastre)<\/span> <span class=\"menu-price\">16.50 \u20ac<\/span><\/h4>\n<\/li>\n<\/ul>\n<\/p><\/div>\n                <\/div><div class=\"eael-accordion-list\">\n                <div id=\"arrossos\" class=\"elementor-tab-title eael-accordion-header\" tabindex=\"8667\" data-tab=\"7\" role=\"tab\" aria-controls=\"elementor-tab-content-8667\"><span class=\"eael-advanced-accordion-icon-closed\"><i aria-hidden=\"true\" class=\"fa-accordion-icon fas fa-plus\"><\/i><\/span><span class=\"eael-advanced-accordion-icon-opened\"><i aria-hidden=\"true\" class=\"fa-accordion-icon fas fa-minus\"><\/i><\/span><span class=\"eael-accordion-tab-title\">Arrossos<\/span><i aria-hidden=\"true\" class=\"fa-toggle fas fa-angle-right\"><\/i><\/div><div id=\"elementor-tab-content-8667\" class=\"eael-accordion-content clearfix\" data-tab=\"7\" role=\"tabpanel\" aria-labelledby=\"arrossos\"><p><p>(M\u00ednim 2 persones, preu per persona)<\/p>\n<ul class=\"food-menu menu-2cols\">\n<li>\n<h4><span class=\"menu-title\">Paella amb gambes, clo\u00efsses i musclos<\/span> <span class=\"menu-price\">19.90 \u20ac<\/span><\/h4>\n<\/li>\n<li>\n<h4><span class=\"menu-title\">Arr\u00f2s negre<\/span> <span class=\"menu-price\">19.65 \u20ac<\/span><\/h4>\n<div class=\"menu-text\">amb calamar i allioli de safr\u00e0<\/div>\n<\/li>\n<li>\n<h4><span class=\"menu-title\">Fideu\u00e0<\/span> <span class=\"menu-price\">19.65 \u20ac<\/span><\/h4>\n<div class=\"menu-text\">amb gambes, clo\u00efsses i allioli de safr\u00e0<\/div>\n<\/li>\n<li>\n<h4><span class=\"menu-title\">Arr\u00f2s cald\u00f3s de bogavant <\/span><span class=\"menu-price\">29.00 \u20ac<\/span><\/h4>\n<\/li>\n<li>\n<h4><span class=\"menu-title\">Arr\u00f2s Sant Llu\u00eds<\/span> <span class=\"menu-price\">21.50 \u20ac<\/span><\/h4>\n<div class=\"menu-text\">amb costella trossejada, salsitxes i conill<\/div>\n<\/li>\n<li>\n<h4><span class=\"menu-title\">Arr\u00f2s de verdures<\/span> <span class=\"menu-price\">18.00 \u20ac<\/span><\/h4>\n<\/li>\n<\/ul>\n<\/p><\/div>\n                <\/div><div class=\"eael-accordion-list\">\n                <div id=\"carns-al-carb\" class=\"elementor-tab-title eael-accordion-header\" tabindex=\"8668\" data-tab=\"8\" role=\"tab\" aria-controls=\"elementor-tab-content-8668\"><span class=\"eael-advanced-accordion-icon-closed\"><i aria-hidden=\"true\" class=\"fa-accordion-icon fas fa-plus\"><\/i><\/span><span class=\"eael-advanced-accordion-icon-opened\"><i aria-hidden=\"true\" class=\"fa-accordion-icon fas fa-minus\"><\/i><\/span><span class=\"eael-accordion-tab-title\">Carns al carb\u00f3<\/span><i aria-hidden=\"true\" class=\"fa-toggle fas fa-angle-right\"><\/i><\/div><div id=\"elementor-tab-content-8668\" class=\"eael-accordion-content clearfix\" data-tab=\"8\" role=\"tabpanel\" aria-labelledby=\"carns-al-carb\"><p><p>Acompanyades amb la guarnici\u00f3<\/p>\n<ul class=\"food-menu menu-2cols\">\n<li>\n<h4><span class=\"menu-title\">300gr de Botifarra<\/span> <span class=\"menu-price\">12.30 \u20ac<\/span><\/h4>\n<div class=\"menu-text\">amb sal, pebre i allioli<\/div>\n<\/li>\n<li>\n<h4><span class=\"menu-title\">1\/2 Conill a la brasa<\/span> <span class=\"menu-price\">15.50 \u20ac<\/span><\/h4>\n<div class=\"menu-text\">amb allioli<\/div>\n<\/li>\n<li>\n<h4><span class=\"menu-title\">1\/2 Pollastre a la brasa<\/span> <span class=\"menu-price\">13.50 \u20ac<\/span><\/h4>\n<\/li>\n<li>\n<h4><span class=\"menu-title\">Entrecot de Girona a la brasa<\/span> <span class=\"menu-price\">23.80 \u20ac<\/span><\/h4>\n<\/li>\n<li>\n<h4><span class=\"menu-title\">Filet de vedella<\/span> <span class=\"menu-price\">27.00 \u20ac<\/span><\/h4>\n<\/li>\n<li>\n<h4><span class=\"menu-title\">Filet de vedella amb Foie<\/span> <span class=\"menu-price\">29.50 \u20ac<\/span><\/h4>\n<div class=\"menu-text\">amb parmentier de patata<\/div>\n<\/li>\n<li>\n<h4><span class=\"menu-title\">Ventall Ib\u00e8ric a la Brasa<\/span> <span class=\"menu-price\">18.90 \u20ac<\/span><\/h4>\n<\/li>\n<li>\n<h4><span class=\"menu-title\">Presa Ib\u00e8rica Bellota 600gr<\/span> <span class=\"menu-price\">42.00 \u20ac<\/span><\/h4>\n<\/li>\n<li>\n<h4><span class=\"menu-title\">Chulet\u00f3n<\/span> <span class=\"menu-price\">65.00 \u20ac<\/span><\/h4>\n<div class=\"menu-text\">de vaca madurada 1KG<\/div>\n<\/li>\n<li>\n<h4><span class=\"menu-title\">T-BONE<\/span> <span class=\"menu-price\">65.50 \u20ac<\/span><\/h4>\n<div class=\"menu-text\">de vaca 1KG<\/div>\n<\/li>\n<li>\n<h4><span class=\"menu-title\">Costella de porc 1KG<\/span> <span class=\"menu-price\">25.00 \u20ac<\/span><\/h4>\n<div class=\"menu-text\">a baixa temperatura acabat al forn de carb\u00f3 amb salsa BBQ<\/div>\n<\/li>\n<li>\n<h4><span class=\"menu-title\">Salses per a la carn <\/span><span class=\"menu-price\">2.50 \u20ac<\/span><\/h4>\n<div class=\"menu-text\">Pebre, roquefort, de xampinyons, mojo verd, mojo pic\u00f3n o chimichurri<\/div>\n<\/li>\n<li>\n<h4><span class=\"menu-title\">Salses: Alioli, maionesa<\/span> <span class=\"menu-price\">1.50 \u20ac<\/span><\/h4>\n<\/li>\n<li>\n<h4><span class=\"menu-title\">Suplements de guarnici\u00f3 <\/span><span class=\"menu-price\">3.50 \u20ac<\/span><\/h4>\n<div class=\"menu-text\">Verdures a la brasa<\/div>\n<\/li>\n<\/ul>\n<\/p><\/div>\n                <\/div><div class=\"eael-accordion-list\">\n                <div id=\"les-nostres-pizzes\" class=\"elementor-tab-title eael-accordion-header\" tabindex=\"8669\" data-tab=\"9\" role=\"tab\" aria-controls=\"elementor-tab-content-8669\"><span class=\"eael-advanced-accordion-icon-closed\"><i aria-hidden=\"true\" class=\"fa-accordion-icon fas fa-plus\"><\/i><\/span><span class=\"eael-advanced-accordion-icon-opened\"><i aria-hidden=\"true\" class=\"fa-accordion-icon fas fa-minus\"><\/i><\/span><span class=\"eael-accordion-tab-title\">Les nostres Pizzes<\/span><i aria-hidden=\"true\" class=\"fa-toggle fas fa-angle-right\"><\/i><\/div><div id=\"elementor-tab-content-8669\" class=\"eael-accordion-content clearfix\" data-tab=\"9\" role=\"tabpanel\" aria-labelledby=\"les-nostres-pizzes\"><p><ul class=\"food-menu menu-2cols\">\n<li>\n<h4><span class=\"menu-title\">MARGARITA <\/span><span class=\"menu-price\">13.00 \u20ac<\/span><\/h4>\n<div class=\"menu-text\">Tom\u00e0quet, mozzarella i orenga<\/div>\n<\/li>\n<li>\n<h4><span class=\"menu-title\">ROMANA <\/span><span class=\"menu-price\">13.95 \u20ac<\/span><\/h4>\n<div class=\"menu-text\">Tom\u00e0quet, mozzarella, pernil dol\u00e7, xampinyons i orenga<\/div>\n<\/li>\n<li>\n<h4><span class=\"menu-title\">YORK <\/span><span class=\"menu-price\">13.75 \u20ac<\/span><\/h4>\n<div class=\"menu-text\">Tom\u00e0quet, mozzarella i pernil dol\u00e7<\/div>\n<\/li>\n<li>\n<h4><span class=\"menu-title\">TROPICAL <\/span><span class=\"menu-price\">14.75 \u20ac<\/span><\/h4>\n<div class=\"menu-text\">Tom\u00e0quet, mozzarella, pinya i pernil dol\u00e7<\/div>\n<\/li>\n<li>\n<h4><span class=\"menu-title\">VEGETAL <\/span><span class=\"menu-price\">14.75 \u20ac<\/span><\/h4>\n<div class=\"menu-text\">Tom\u00e0quet, mozzarella, esp\u00e0rrecs verds, xampinyons, ceba tendra, pebrot vermell, carbass\u00f3 i olives<\/div>\n<\/li>\n<li>\n<h4><span class=\"menu-title\">SANT LLU\u00cdS<\/span> <span class=\"menu-price\">15.40 \u20ac<\/span><\/h4>\n<div class=\"menu-text\">Tom\u00e0quet, mozzarella, tonyina, xampinyons, ceba tendra i orenga<\/div>\n<\/li>\n<li>\n<h4><span class=\"menu-title\">QUATRE ESTACIONS <\/span><span class=\"menu-price\">14.75 \u20ac<\/span><\/h4>\n<div class=\"menu-text\">Tom\u00e0quet, mozzarella, pernil dol\u00e7, xampinyons, anxoves, esp\u00e0rrecs verds i orenga<\/div>\n<\/li>\n<li>\n<h4><span class=\"menu-title\">MARINERA<\/span> <span class=\"menu-price\">15.00 \u20ac<\/span><\/h4>\n<div class=\"menu-text\">Tom\u00e0quet, mozzarella, gambes, anxoves, musclos i olives<\/div>\n<\/li>\n<li>\n<h4><span class=\"menu-title\">CARBONARA<\/span> <span class=\"menu-price\">15.25 \u20ac<\/span><\/h4>\n<div class=\"menu-text\">Salsa carbonara amb ou, mozzarella, pecor\u00ed, guanciale i orenga<\/div>\n<\/li>\n<li>\n<h4><span class=\"menu-title\">BBQ <\/span><span class=\"menu-price\">15.00 \u20ac<\/span><\/h4>\n<div class=\"menu-text\">Tom\u00e0quet, pollastre, salsa BBQ, mozzarella, ceba caramel\u00b7litzada, bac\u00f3 i orenga<\/div>\n<\/li>\n<li>\n<h4><span class=\"menu-title\">FORMAGGIO <\/span><span class=\"menu-price\">14.75 \u20ac<\/span><\/h4>\n<div class=\"menu-text\">Tom\u00e0quet, mozzarella, emmental, roquefort i parmes\u00e0<\/div>\n<\/li>\n<li>\n<h4><span class=\"menu-title\">CALZONE<\/span> <span class=\"menu-price\">16.00 \u20ac<\/span><\/h4>\n<div class=\"menu-text\">Tom\u00e0quet, mozzarella, pernil dol\u00e7, ceba i olives<\/div>\n<\/li>\n<li>\n<h4><span class=\"menu-title\">BOLONYESA <\/span><span class=\"menu-price\">15.95 \u20ac<\/span><\/h4>\n<div class=\"menu-text\">Tom\u00e0quet, mozzarella, bolonyesa i orenga<\/div>\n<\/li>\n<li>\n<h4><span class=\"menu-title\">PEPPERONI <\/span><span class=\"menu-price\">13.75 \u20ac<\/span><\/h4>\n<div class=\"menu-text\">Tom\u00e0quet, mozzarella i xori\u00e7o picant itali\u00e0<\/div>\n<\/li>\n<li>\n<h4><span class=\"menu-title\">MENORQUINA<\/span> <span class=\"menu-price\">16.25 \u20ac<\/span><\/h4>\n<div class=\"menu-text\">Tom\u00e0quet, sobrassada, brie, mozzarella de b\u00fafala, mel i orenga<\/div>\n<\/li>\n<\/ul>\n<\/p><\/div>\n                <\/div><div class=\"eael-accordion-list\">\n                <div id=\"pizzes-gourmet\" class=\"elementor-tab-title eael-accordion-header\" tabindex=\"86610\" data-tab=\"10\" role=\"tab\" aria-controls=\"elementor-tab-content-86610\"><span class=\"eael-advanced-accordion-icon-closed\"><i aria-hidden=\"true\" class=\"fa-accordion-icon fas fa-plus\"><\/i><\/span><span class=\"eael-advanced-accordion-icon-opened\"><i aria-hidden=\"true\" class=\"fa-accordion-icon fas fa-minus\"><\/i><\/span><span class=\"eael-accordion-tab-title\">Pizzes Gourmet<\/span><i aria-hidden=\"true\" class=\"fa-toggle fas fa-angle-right\"><\/i><\/div><div id=\"elementor-tab-content-86610\" class=\"eael-accordion-content clearfix\" data-tab=\"10\" role=\"tabpanel\" aria-labelledby=\"pizzes-gourmet\"><p><ul class=\"food-menu menu-2cols\">\n<li>\n<h4><span class=\"menu-title\">BARRET MEXIC\u00c0<\/span> <span class=\"menu-price\">17.50 \u20ac<\/span><\/h4>\n<div class=\"menu-text\">Tom\u00e0quet, mozzarella, bolonyesa, tabasco, ceba tendra, jalapenys i orenga<\/div>\n<\/li>\n<li>\n<h4><span class=\"menu-title\">CALZONE A LA CARBONARA <\/span><span class=\"menu-price\">17.50 \u20ac<\/span><\/h4>\n<div class=\"menu-text\">Salsa carbonara amb ou, mozzarella, pecor\u00ed, guanciale i orenga<\/div>\n<\/li>\n<li>\n<h4><span class=\"menu-title\">\"BULLET\" DE PISTATXO<\/span> <span class=\"menu-price\">18.50 \u20ac<\/span><\/h4>\n<div class=\"menu-text\">Mortadel\u00b7la de Bolonya, stracciatella de burrata, encenalls de pistatxo i tom\u00e0quets cherry semi-sec<\/div>\n<\/li>\n<li>\n<h4><span class=\"menu-title\">BURRATA<\/span> <span class=\"menu-price\">18.50 \u20ac<\/span><\/h4>\n<div class=\"menu-text\">Tom\u00e0quet, mozzarella, ruca, tom\u00e0quet cherry confitat, burrata, salsa pesto, pinyons i pernil ib\u00e8ric<\/div>\n<\/li>\n<li>\n<h4><span class=\"menu-title\">AGUACATE<\/span> <span class=\"menu-price\">19.00 \u20ac<\/span><\/h4>\n<div class=\"menu-text\">Mozzarella, ceba caramel\u00b7litzada, formatge de cabra, alvocat, parmes\u00e0 i mel<\/div>\n<\/li>\n<li>\n<h4><span class=\"menu-title\">TARTUFATA &amp; FUNGHI<\/span> <span class=\"menu-price\">18.50 \u20ac<\/span><\/h4>\n<div class=\"menu-text\">Crema de t\u00f2fona, mozzarella, xampinyons confitats, bac\u00f3 cruixent i parmes\u00e0<\/div>\n<\/li>\n<li>\n<h4><span class=\"menu-title\">TOSCANA<\/span> <span class=\"menu-price\">18.00 \u20ac<\/span><\/h4>\n<div class=\"menu-text\">Tom\u00e0quets secs, gorgonzola, brie, orenga i encenalls de parmes\u00e0<\/div>\n<\/li>\n<\/ul>\n<\/p><\/div>\n                <\/div><div class=\"eael-accordion-list\">\n                <div id=\"les-nostres-hamburgueses\" class=\"elementor-tab-title eael-accordion-header\" tabindex=\"86611\" data-tab=\"11\" role=\"tab\" aria-controls=\"elementor-tab-content-86611\"><span class=\"eael-advanced-accordion-icon-closed\"><i aria-hidden=\"true\" class=\"fa-accordion-icon fas fa-plus\"><\/i><\/span><span class=\"eael-advanced-accordion-icon-opened\"><i aria-hidden=\"true\" class=\"fa-accordion-icon fas fa-minus\"><\/i><\/span><span class=\"eael-accordion-tab-title\">Les nostres hamburgueses<\/span><i aria-hidden=\"true\" class=\"fa-toggle fas fa-angle-right\"><\/i><\/div><div id=\"elementor-tab-content-86611\" class=\"eael-accordion-content clearfix\" data-tab=\"11\" role=\"tabpanel\" aria-labelledby=\"les-nostres-hamburgueses\"><p><ul class=\"food-menu menu-2cols\">\n<li>\n<h4><span class=\"menu-title\">La Brutal<\/span> <span class=\"menu-price\">18.50 \u20ac<\/span><\/h4>\n<div class=\"menu-text\">400 gr d'hamburguesa de vaca madurada, formatge cheddar i bac\u00f3<\/div>\n<\/li>\n<li>\n<h4><span class=\"menu-title\">La Cabra Boja<\/span> <span class=\"menu-price\">15.50 \u20ac<\/span><\/h4>\n<div class=\"menu-text\">200 gr d'hamburguesa de vaca madurada amb formatge de cabra, ceba cruixent i melmelada de tom\u00e0quet<\/div>\n<\/li>\n<li>\n<h4><span class=\"menu-title\">La Burger Crunch<\/span> <span class=\"menu-price\">14.50 \u20ac<\/span><\/h4>\n<div class=\"menu-text\">200 gr d'hamburguesa de vaca madurada amb formatge edam, bac\u00f3 cruixent, ceba caramel\u00b7litzada, crumb de nachos i formatge fos<\/div>\n<\/li>\n<li>\n<h4><span class=\"menu-title\">El nostre s\u00faper Hot Dog<\/span> <span class=\"menu-price\">12.00 \u20ac<\/span><\/h4>\n<div class=\"menu-text\">amb formatge, ceba i pa de focaccia<\/div>\n<\/li>\n<li>\n<h4><span class=\"menu-title\">Pa o pa amb tom\u00e0quet<\/span> <span class=\"menu-price\">2.50 \u20ac<\/span><\/h4>\n<\/li>\n<li>\n<h4><span class=\"menu-title\">Pa d'all i formatge fos<\/span> <span class=\"menu-price\">4.00 \u20ac<\/span><\/h4>\n<\/li>\n<\/ul>\n<\/p><\/div>\n                <\/div><\/div>\t\t<\/div>\n\t\t\t\t<\/div>\n\t\t\t\t\t<\/div>\n\t\t<\/div>\n\t\t\t\t\t\t\t<\/div>\n\t\t<\/section>\n\t\t\t\t\t\t\t<\/div>\n\t\t","protected":false},"excerpt":{"rendered":"<p>CARTA Aperitius per obrir gana Xips de patates casolanes 4.00 \u20ac Patates braves 7.50 \u20ac amb mojo pic\u00f3, allioli i salsa brava Escopinyes 12.50 \u20ac amb salsa Espinaler Olives farcides 7.25 \u20ac d&#8217;anxova natural \u201cEl Xillu\u201d amb xips de patates casolanes Papes arrugues 10.25 \u20ac amb formatge de cabra, mojo verd i vermell Croquetes de pollastre de pag\u00e8s 10.75 \u20ac&#8230;<\/p>\n","protected":false},"author":1,"featured_media":3717,"parent":0,"menu_order":0,"comment_status":"closed","ping_status":"closed","template":"my-templates\/template-fullwidth.php","meta":[],"acf":[],"yoast_head":"<!-- This site is optimized with the Yoast SEO Premium plugin v20.5 (Yoast SEO v20.5) - https:\/\/yoast.com\/wordpress\/plugins\/seo\/ -->\n<title>Carta i men\u00fas - Restaurant Sant Lluis Platja d&#039;Aro<\/title>\n<meta name=\"robots\" content=\"index, follow, max-snippet:-1, max-image-preview:large, max-video-preview:-1\" \/>\n<link rel=\"canonical\" href=\"https:\/\/restaurantsantlluis.com\/ca\/carta-i-menus\/\" \/>\n<meta property=\"og:locale\" content=\"ca_ES\" \/>\n<meta property=\"og:type\" content=\"article\" \/>\n<meta property=\"og:title\" content=\"Carta i Men\u00fas CA\" \/>\n<meta property=\"og:description\" content=\"CARTA Aperitius per obrir gana Xips de patates casolanes 4.00 \u20ac Patates braves 7.50 \u20ac amb mojo pic\u00f3, allioli i salsa brava Escopinyes 12.50 \u20ac amb salsa Espinaler Olives farcides 7.25 \u20ac d&#8217;anxova natural \u201cEl Xillu\u201d amb xips de patates casolanes Papes arrugues 10.25 \u20ac amb formatge de cabra, mojo verd i vermell Croquetes de pollastre de pag\u00e8s 10.75 \u20ac...\" \/>\n<meta property=\"og:url\" content=\"https:\/\/restaurantsantlluis.com\/ca\/carta-i-menus\/\" \/>\n<meta property=\"article:publisher\" content=\"https:\/\/www.facebook.com\/profile.php?id=100063885166782\" \/>\n<meta property=\"article:modified_time\" content=\"2025-07-20T15:42:21+00:00\" \/>\n<meta property=\"og:image\" content=\"https:\/\/restaurantsantlluis.com\/wp-content\/uploads\/santlluis_4.jpg\" \/>\n\t<meta property=\"og:image:width\" content=\"1584\" \/>\n\t<meta property=\"og:image:height\" content=\"1267\" \/>\n\t<meta property=\"og:image:type\" content=\"image\/jpeg\" \/>\n<meta name=\"twitter:card\" content=\"summary_large_image\" \/>\n<meta name=\"twitter:label1\" content=\"Temps estimat de lectura\" \/>\n\t<meta name=\"twitter:data1\" content=\"4 minuts\" \/>\n<script type=\"application\/ld+json\" class=\"yoast-schema-graph\">{\"@context\":\"https:\/\/schema.org\",\"@graph\":[{\"@type\":\"WebPage\",\"@id\":\"https:\/\/restaurantsantlluis.com\/ca\/carta-i-menus\/\",\"url\":\"https:\/\/restaurantsantlluis.com\/ca\/carta-i-menus\/\",\"name\":\"Carta i men\u00fas - Restaurant Sant Lluis Platja d'Aro\",\"isPartOf\":{\"@id\":\"https:\/\/restaurantsantlluis.com\/#website\"},\"datePublished\":\"2022-12-21T13:41:38+00:00\",\"dateModified\":\"2025-07-20T15:42:21+00:00\",\"breadcrumb\":{\"@id\":\"https:\/\/restaurantsantlluis.com\/ca\/carta-i-menus\/#breadcrumb\"},\"inLanguage\":\"ca\",\"potentialAction\":[{\"@type\":\"ReadAction\",\"target\":[\"https:\/\/restaurantsantlluis.com\/ca\/carta-i-menus\/\"]}]},{\"@type\":\"BreadcrumbList\",\"@id\":\"https:\/\/restaurantsantlluis.com\/ca\/carta-i-menus\/#breadcrumb\",\"itemListElement\":[{\"@type\":\"ListItem\",\"position\":1,\"name\":\"Home\",\"item\":\"https:\/\/restaurantsantlluis.com\/ca\/\"},{\"@type\":\"ListItem\",\"position\":2,\"name\":\"Carta i Men\u00fas CA\"}]},{\"@type\":\"WebSite\",\"@id\":\"https:\/\/restaurantsantlluis.com\/#website\",\"url\":\"https:\/\/restaurantsantlluis.com\/\",\"name\":\"Restaurant Sant Lluis\",\"description\":\"\",\"potentialAction\":[{\"@type\":\"SearchAction\",\"target\":{\"@type\":\"EntryPoint\",\"urlTemplate\":\"https:\/\/restaurantsantlluis.com\/?s={search_term_string}\"},\"query-input\":\"required name=search_term_string\"}],\"inLanguage\":\"ca\"}]}<\/script>\n<!-- \/ Yoast SEO Premium plugin. -->","yoast_head_json":{"title":"Carta i men\u00fas - Restaurant Sant Lluis Platja d'Aro","robots":{"index":"index","follow":"follow","max-snippet":"max-snippet:-1","max-image-preview":"max-image-preview:large","max-video-preview":"max-video-preview:-1"},"canonical":"https:\/\/restaurantsantlluis.com\/ca\/carta-i-menus\/","og_locale":"ca_ES","og_type":"article","og_title":"Carta i Men\u00fas CA","og_description":"CARTA Aperitius per obrir gana Xips de patates casolanes 4.00 \u20ac Patates braves 7.50 \u20ac amb mojo pic\u00f3, allioli i salsa brava Escopinyes 12.50 \u20ac amb salsa Espinaler Olives farcides 7.25 \u20ac d&#8217;anxova natural \u201cEl Xillu\u201d amb xips de patates casolanes Papes arrugues 10.25 \u20ac amb formatge de cabra, mojo verd i vermell Croquetes de pollastre de pag\u00e8s 10.75 \u20ac...","og_url":"https:\/\/restaurantsantlluis.com\/ca\/carta-i-menus\/","article_publisher":"https:\/\/www.facebook.com\/profile.php?id=100063885166782","article_modified_time":"2025-07-20T15:42:21+00:00","og_image":[{"width":1584,"height":1267,"url":"https:\/\/restaurantsantlluis.com\/wp-content\/uploads\/santlluis_4.jpg","type":"image\/jpeg"}],"twitter_card":"summary_large_image","twitter_misc":{"Temps estimat de lectura":"4 minuts"},"schema":{"@context":"https:\/\/schema.org","@graph":[{"@type":"WebPage","@id":"https:\/\/restaurantsantlluis.com\/ca\/carta-i-menus\/","url":"https:\/\/restaurantsantlluis.com\/ca\/carta-i-menus\/","name":"Carta i men\u00fas - Restaurant Sant Lluis Platja d'Aro","isPartOf":{"@id":"https:\/\/restaurantsantlluis.com\/#website"},"datePublished":"2022-12-21T13:41:38+00:00","dateModified":"2025-07-20T15:42:21+00:00","breadcrumb":{"@id":"https:\/\/restaurantsantlluis.com\/ca\/carta-i-menus\/#breadcrumb"},"inLanguage":"ca","potentialAction":[{"@type":"ReadAction","target":["https:\/\/restaurantsantlluis.com\/ca\/carta-i-menus\/"]}]},{"@type":"BreadcrumbList","@id":"https:\/\/restaurantsantlluis.com\/ca\/carta-i-menus\/#breadcrumb","itemListElement":[{"@type":"ListItem","position":1,"name":"Home","item":"https:\/\/restaurantsantlluis.com\/ca\/"},{"@type":"ListItem","position":2,"name":"Carta i Men\u00fas CA"}]},{"@type":"WebSite","@id":"https:\/\/restaurantsantlluis.com\/#website","url":"https:\/\/restaurantsantlluis.com\/","name":"Restaurant Sant Lluis","description":"","potentialAction":[{"@type":"SearchAction","target":{"@type":"EntryPoint","urlTemplate":"https:\/\/restaurantsantlluis.com\/?s={search_term_string}"},"query-input":"required name=search_term_string"}],"inLanguage":"ca"}]}},"_links":{"self":[{"href":"https:\/\/restaurantsantlluis.com\/ca\/wp-json\/wp\/v2\/pages\/3899"}],"collection":[{"href":"https:\/\/restaurantsantlluis.com\/ca\/wp-json\/wp\/v2\/pages"}],"about":[{"href":"https:\/\/restaurantsantlluis.com\/ca\/wp-json\/wp\/v2\/types\/page"}],"author":[{"embeddable":true,"href":"https:\/\/restaurantsantlluis.com\/ca\/wp-json\/wp\/v2\/users\/1"}],"replies":[{"embeddable":true,"href":"https:\/\/restaurantsantlluis.com\/ca\/wp-json\/wp\/v2\/comments?post=3899"}],"version-history":[{"count":6,"href":"https:\/\/restaurantsantlluis.com\/ca\/wp-json\/wp\/v2\/pages\/3899\/revisions"}],"predecessor-version":[{"id":4086,"href":"https:\/\/restaurantsantlluis.com\/ca\/wp-json\/wp\/v2\/pages\/3899\/revisions\/4086"}],"wp:featuredmedia":[{"embeddable":true,"href":"https:\/\/restaurantsantlluis.com\/ca\/wp-json\/wp\/v2\/media\/3717"}],"wp:attachment":[{"href":"https:\/\/restaurantsantlluis.com\/ca\/wp-json\/wp\/v2\/media?parent=3899"}],"curies":[{"name":"wp","href":"https:\/\/api.w.org\/{rel}","templated":true}]}}