{"id":3893,"date":"2022-12-22T22:53:17","date_gmt":"2022-12-22T22:53:17","guid":{"rendered":"https:\/\/restaurantsantlluis.com\/espais-es\/"},"modified":"2023-04-23T22:47:29","modified_gmt":"2023-04-23T22:47:29","slug":"espais","status":"publish","type":"page","link":"https:\/\/restaurantsantlluis.com\/ca\/espais\/","title":{"rendered":"Espais CA"},"content":{"rendered":"\t\t<div data-elementor-type=\"wp-page\" data-elementor-id=\"3893\" class=\"elementor elementor-3893 elementor-3239\">\n\t\t\t\t\t\t\t\t\t<section data-particle_enable=\"false\" data-particle-mobile-disabled=\"false\" class=\"elementor-section elementor-top-section elementor-element elementor-element-57d2dc8 elementor-section-content-middle elementor-section-boxed elementor-section-height-default elementor-section-height-default\" data-id=\"57d2dc8\" data-element_type=\"section\" data-settings=\"{&quot;background_background&quot;:&quot;classic&quot;}\">\n\t\t\t\t\t\t<div class=\"elementor-container elementor-column-gap-default\">\n\t\t\t\t\t<div class=\"elementor-column elementor-col-100 elementor-top-column elementor-element elementor-element-e5663e0\" data-id=\"e5663e0\" data-element_type=\"column\">\n\t\t\t<div class=\"elementor-widget-wrap elementor-element-populated\">\n\t\t\t\t\t\t\t\t<div class=\"elementor-element elementor-element-5038bb6 elementor-widget elementor-widget-text-editor\" data-id=\"5038bb6\" data-element_type=\"widget\" data-widget_type=\"text-editor.default\">\n\t\t\t\t<div class=\"elementor-widget-container\">\n\t\t\t<style>\/*! elementor - v3.9.1 - 14-12-2022 *\/\n.elementor-widget-text-editor.elementor-drop-cap-view-stacked .elementor-drop-cap{background-color:#818a91;color:#fff}.elementor-widget-text-editor.elementor-drop-cap-view-framed .elementor-drop-cap{color:#818a91;border:3px solid;background-color:transparent}.elementor-widget-text-editor:not(.elementor-drop-cap-view-default) .elementor-drop-cap{margin-top:8px}.elementor-widget-text-editor:not(.elementor-drop-cap-view-default) .elementor-drop-cap-letter{width:1em;height:1em}.elementor-widget-text-editor .elementor-drop-cap{float:left;text-align:center;line-height:1;font-size:50px}.elementor-widget-text-editor .elementor-drop-cap-letter{display:inline-block}<\/style>\t\t\t\t<p><span style=\"color: #000000;\"><em><span style=\"font-size: 24pt;\">Coneix els nostres 3 espais<br \/><\/span><\/em><\/span><\/p>\n<p>El restaurant est\u00e0 decorat de manera que combini amb la nostra cuina: modernitat i tradici\u00f3. Ens agrada mostrar un ambient r\u00fastic, acollidor i amb detalls contemporanis pensats per acompanyar una<br \/>vetllada c\u00e0lida, rom\u00e0ntica, familiar o amb amics.<\/p>\n<p>El Sant Llu\u00eds disposa de 2 espais interiors i una terrassa exterior.<\/p>\n\t\t\t\t\t\t<\/div>\n\t\t\t\t<\/div>\n\t\t\t\t\t<\/div>\n\t\t<\/div>\n\t\t\t\t\t\t\t<\/div>\n\t\t<\/section>\n\t\t\t\t<section data-particle_enable=\"false\" data-particle-mobile-disabled=\"false\" class=\"elementor-section elementor-top-section elementor-element elementor-element-606a300 elementor-section-content-middle elementor-section-boxed elementor-section-height-default elementor-section-height-default\" data-id=\"606a300\" data-element_type=\"section\">\n\t\t\t\t\t\t<div class=\"elementor-container elementor-column-gap-default\">\n\t\t\t\t\t<div class=\"elementor-column elementor-col-50 elementor-top-column elementor-element elementor-element-e07b08e\" data-id=\"e07b08e\" data-element_type=\"column\" data-settings=\"{&quot;background_background&quot;:&quot;classic&quot;}\">\n\t\t\t<div class=\"elementor-widget-wrap elementor-element-populated\">\n\t\t\t\t\t\t\t\t<div class=\"elementor-element elementor-element-7f17f87 elementor-widget elementor-widget-text-editor\" data-id=\"7f17f87\" data-element_type=\"widget\" data-widget_type=\"text-editor.default\">\n\t\t\t\t<div class=\"elementor-widget-container\">\n\t\t\t\t\t\t\t<h2 class=\"home-title\">Sala 1<\/h2>\n<div class=\"smalltitle margin-b16\">Ideal parelles<\/div>\n\t\t\t\t\t\t<\/div>\n\t\t\t\t<\/div>\n\t\t\t\t\t<\/div>\n\t\t<\/div>\n\t\t\t\t<div class=\"elementor-column elementor-col-50 elementor-top-column elementor-element elementor-element-2c1c431\" data-id=\"2c1c431\" data-element_type=\"column\">\n\t\t\t<div class=\"elementor-widget-wrap elementor-element-populated\">\n\t\t\t\t\t\t\t\t<div class=\"elementor-element elementor-element-9a263fc elementor-widget elementor-widget-image\" data-id=\"9a263fc\" data-element_type=\"widget\" data-widget_type=\"image.default\">\n\t\t\t\t<div class=\"elementor-widget-container\">\n\t\t\t<style>\/*! elementor - v3.9.1 - 14-12-2022 *\/\n.elementor-widget-image{text-align:center}.elementor-widget-image a{display:inline-block}.elementor-widget-image a img[src$=\".svg\"]{width:48px}.elementor-widget-image img{vertical-align:middle;display:inline-block}<\/style>\t\t\t\t\t\t\t\t\t\t\t\t<img decoding=\"async\" src=\"https:\/\/restaurantsantlluis.com\/wp-content\/uploads\/elementor\/thumbs\/santlluis_10-pzeu0o23nxsfw5q1w59zfir7xfk8cjtx5ygbj4ywso.jpg\" title=\"santlluis_10\" alt=\"santlluis_10\" \/>\t\t\t\t\t\t\t\t\t\t\t\t\t\t\t<\/div>\n\t\t\t\t<\/div>\n\t\t\t\t\t<\/div>\n\t\t<\/div>\n\t\t\t\t\t\t\t<\/div>\n\t\t<\/section>\n\t\t\t\t<section data-particle_enable=\"false\" data-particle-mobile-disabled=\"false\" class=\"elementor-section elementor-top-section elementor-element elementor-element-3a469ab elementor-section-content-middle elementor-section-boxed elementor-section-height-default elementor-section-height-default\" data-id=\"3a469ab\" data-element_type=\"section\">\n\t\t\t\t\t\t<div class=\"elementor-container elementor-column-gap-default\">\n\t\t\t\t\t<div class=\"elementor-column elementor-col-50 elementor-top-column elementor-element elementor-element-2937a4e\" data-id=\"2937a4e\" data-element_type=\"column\">\n\t\t\t<div class=\"elementor-widget-wrap elementor-element-populated\">\n\t\t\t\t\t\t\t\t<div class=\"elementor-element elementor-element-63f6887 elementor-widget elementor-widget-image\" data-id=\"63f6887\" data-element_type=\"widget\" data-widget_type=\"image.default\">\n\t\t\t\t<div class=\"elementor-widget-container\">\n\t\t\t\t\t\t\t\t\t\t\t\t\t\t\t<img decoding=\"async\" src=\"https:\/\/restaurantsantlluis.com\/wp-content\/uploads\/elementor\/thumbs\/santlluis_15-pzeu0tp4sy05tthuz7pquhbzhqsfmqgb6qd8esqjrc.jpg\" title=\"santlluis_15\" alt=\"santlluis_15\" \/>\t\t\t\t\t\t\t\t\t\t\t\t\t\t\t<\/div>\n\t\t\t\t<\/div>\n\t\t\t\t\t<\/div>\n\t\t<\/div>\n\t\t\t\t<div class=\"elementor-column elementor-col-50 elementor-top-column elementor-element elementor-element-d4fbf1f\" data-id=\"d4fbf1f\" data-element_type=\"column\" data-settings=\"{&quot;background_background&quot;:&quot;classic&quot;}\">\n\t\t\t<div class=\"elementor-widget-wrap elementor-element-populated\">\n\t\t\t\t\t\t\t\t<div class=\"elementor-element elementor-element-ae8033b elementor-widget elementor-widget-text-editor\" data-id=\"ae8033b\" data-element_type=\"widget\" data-widget_type=\"text-editor.default\">\n\t\t\t\t<div class=\"elementor-widget-container\">\n\t\t\t\t\t\t\t<h2 class=\"home-title\">Sala 2<\/h2>\n<div class=\"smalltitle margin-b16\">Ideal grups i fam\u00edlies<\/div>\n\t\t\t\t\t\t<\/div>\n\t\t\t\t<\/div>\n\t\t\t\t\t<\/div>\n\t\t<\/div>\n\t\t\t\t\t\t\t<\/div>\n\t\t<\/section>\n\t\t\t\t<section data-particle_enable=\"false\" data-particle-mobile-disabled=\"false\" class=\"elementor-section elementor-top-section elementor-element elementor-element-1571225 elementor-section-content-middle elementor-section-boxed elementor-section-height-default elementor-section-height-default\" data-id=\"1571225\" data-element_type=\"section\">\n\t\t\t\t\t\t<div class=\"elementor-container elementor-column-gap-default\">\n\t\t\t\t\t<div class=\"elementor-column elementor-col-50 elementor-top-column elementor-element elementor-element-c4d4a12\" data-id=\"c4d4a12\" data-element_type=\"column\" data-settings=\"{&quot;background_background&quot;:&quot;classic&quot;}\">\n\t\t\t<div class=\"elementor-widget-wrap elementor-element-populated\">\n\t\t\t\t\t\t\t\t<div class=\"elementor-element elementor-element-ff16860 elementor-widget elementor-widget-text-editor\" data-id=\"ff16860\" data-element_type=\"widget\" data-widget_type=\"text-editor.default\">\n\t\t\t\t<div class=\"elementor-widget-container\">\n\t\t\t\t\t\t\t<h2 class=\"home-title\">Terrassa<\/h2>\n<div class=\"smalltitle margin-b16\">Amb estufes<\/div>\n\t\t\t\t\t\t<\/div>\n\t\t\t\t<\/div>\n\t\t\t\t\t<\/div>\n\t\t<\/div>\n\t\t\t\t<div class=\"elementor-column elementor-col-50 elementor-top-column elementor-element elementor-element-a42e823\" data-id=\"a42e823\" data-element_type=\"column\">\n\t\t\t<div class=\"elementor-widget-wrap elementor-element-populated\">\n\t\t\t\t\t\t\t\t<div class=\"elementor-element elementor-element-aa2cea5 elementor-widget elementor-widget-image\" data-id=\"aa2cea5\" data-element_type=\"widget\" data-widget_type=\"image.default\">\n\t\t\t\t<div class=\"elementor-widget-container\">\n\t\t\t\t\t\t\t\t\t\t\t\t\t\t\t<img decoding=\"async\" src=\"https:\/\/restaurantsantlluis.com\/wp-content\/uploads\/elementor\/thumbs\/santlluis_2-pzeu0xghka5b49ced9c94gdtva9whiv8j8z6bwkz2g.jpg\" title=\"santlluis_2\" alt=\"santlluis_2\" \/>\t\t\t\t\t\t\t\t\t\t\t\t\t\t\t<\/div>\n\t\t\t\t<\/div>\n\t\t\t\t\t<\/div>\n\t\t<\/div>\n\t\t\t\t\t\t\t<\/div>\n\t\t<\/section>\n\t\t\t\t\t\t\t<\/div>\n\t\t","protected":false},"excerpt":{"rendered":"<p>Coneix els nostres 3 espais El restaurant est\u00e0 decorat de manera que combini amb la nostra cuina: modernitat i tradici\u00f3. Ens agrada mostrar un ambient r\u00fastic, acollidor i amb detalls contemporanis pensats per acompanyar unavetllada c\u00e0lida, rom\u00e0ntica, familiar o amb amics. El Sant Llu\u00eds disposa de 2 espais interiors i una terrassa exterior. Sala 1 Ideal parelles Sala 2 Ideal&#8230;<\/p>\n","protected":false},"author":1,"featured_media":3702,"parent":0,"menu_order":0,"comment_status":"closed","ping_status":"closed","template":"my-templates\/template-fullwidth.php","meta":[],"acf":[],"yoast_head":"<!-- This site is optimized with the Yoast SEO Premium plugin v20.5 (Yoast SEO v20.5) - https:\/\/yoast.com\/wordpress\/plugins\/seo\/ -->\n<title>Espais - Restaurant Sant Lluis Platja d&#039;Aro<\/title>\n<meta name=\"robots\" content=\"index, follow, max-snippet:-1, max-image-preview:large, max-video-preview:-1\" \/>\n<link rel=\"canonical\" href=\"https:\/\/restaurantsantlluis.com\/ca\/espais\/\" \/>\n<meta property=\"og:locale\" content=\"ca_ES\" \/>\n<meta property=\"og:type\" content=\"article\" \/>\n<meta property=\"og:title\" content=\"Espais CA\" \/>\n<meta property=\"og:description\" content=\"Coneix els nostres 3 espais El restaurant est\u00e0 decorat de manera que combini amb la nostra cuina: modernitat i tradici\u00f3. Ens agrada mostrar un ambient r\u00fastic, acollidor i amb detalls contemporanis pensats per acompanyar unavetllada c\u00e0lida, rom\u00e0ntica, familiar o amb amics. El Sant Llu\u00eds disposa de 2 espais interiors i una terrassa exterior. Sala 1 Ideal parelles Sala 2 Ideal...\" \/>\n<meta property=\"og:url\" content=\"https:\/\/restaurantsantlluis.com\/ca\/espais\/\" \/>\n<meta property=\"article:publisher\" content=\"https:\/\/www.facebook.com\/profile.php?id=100063885166782\" \/>\n<meta property=\"article:modified_time\" content=\"2023-04-23T22:47:29+00:00\" \/>\n<meta property=\"og:image\" content=\"https:\/\/restaurantsantlluis.com\/wp-content\/uploads\/santlluis_16.jpg\" \/>\n\t<meta property=\"og:image:width\" content=\"1900\" \/>\n\t<meta property=\"og:image:height\" content=\"1267\" \/>\n\t<meta property=\"og:image:type\" content=\"image\/jpeg\" \/>\n<meta name=\"twitter:card\" content=\"summary_large_image\" \/>\n<script type=\"application\/ld+json\" class=\"yoast-schema-graph\">{\"@context\":\"https:\/\/schema.org\",\"@graph\":[{\"@type\":\"WebPage\",\"@id\":\"https:\/\/restaurantsantlluis.com\/ca\/espais\/\",\"url\":\"https:\/\/restaurantsantlluis.com\/ca\/espais\/\",\"name\":\"Espais - Restaurant Sant Lluis Platja d'Aro\",\"isPartOf\":{\"@id\":\"https:\/\/restaurantsantlluis.com\/#website\"},\"datePublished\":\"2022-12-22T22:53:17+00:00\",\"dateModified\":\"2023-04-23T22:47:29+00:00\",\"breadcrumb\":{\"@id\":\"https:\/\/restaurantsantlluis.com\/ca\/espais\/#breadcrumb\"},\"inLanguage\":\"ca\",\"potentialAction\":[{\"@type\":\"ReadAction\",\"target\":[\"https:\/\/restaurantsantlluis.com\/ca\/espais\/\"]}]},{\"@type\":\"BreadcrumbList\",\"@id\":\"https:\/\/restaurantsantlluis.com\/ca\/espais\/#breadcrumb\",\"itemListElement\":[{\"@type\":\"ListItem\",\"position\":1,\"name\":\"Home\",\"item\":\"https:\/\/restaurantsantlluis.com\/ca\/\"},{\"@type\":\"ListItem\",\"position\":2,\"name\":\"Espais CA\"}]},{\"@type\":\"WebSite\",\"@id\":\"https:\/\/restaurantsantlluis.com\/#website\",\"url\":\"https:\/\/restaurantsantlluis.com\/\",\"name\":\"Restaurant Sant Lluis\",\"description\":\"\",\"potentialAction\":[{\"@type\":\"SearchAction\",\"target\":{\"@type\":\"EntryPoint\",\"urlTemplate\":\"https:\/\/restaurantsantlluis.com\/?s={search_term_string}\"},\"query-input\":\"required name=search_term_string\"}],\"inLanguage\":\"ca\"}]}<\/script>\n<!-- \/ Yoast SEO Premium plugin. -->","yoast_head_json":{"title":"Espais - Restaurant Sant Lluis Platja d'Aro","robots":{"index":"index","follow":"follow","max-snippet":"max-snippet:-1","max-image-preview":"max-image-preview:large","max-video-preview":"max-video-preview:-1"},"canonical":"https:\/\/restaurantsantlluis.com\/ca\/espais\/","og_locale":"ca_ES","og_type":"article","og_title":"Espais CA","og_description":"Coneix els nostres 3 espais El restaurant est\u00e0 decorat de manera que combini amb la nostra cuina: modernitat i tradici\u00f3. Ens agrada mostrar un ambient r\u00fastic, acollidor i amb detalls contemporanis pensats per acompanyar unavetllada c\u00e0lida, rom\u00e0ntica, familiar o amb amics. El Sant Llu\u00eds disposa de 2 espais interiors i una terrassa exterior. Sala 1 Ideal parelles Sala 2 Ideal...","og_url":"https:\/\/restaurantsantlluis.com\/ca\/espais\/","article_publisher":"https:\/\/www.facebook.com\/profile.php?id=100063885166782","article_modified_time":"2023-04-23T22:47:29+00:00","og_image":[{"width":1900,"height":1267,"url":"https:\/\/restaurantsantlluis.com\/wp-content\/uploads\/santlluis_16.jpg","type":"image\/jpeg"}],"twitter_card":"summary_large_image","schema":{"@context":"https:\/\/schema.org","@graph":[{"@type":"WebPage","@id":"https:\/\/restaurantsantlluis.com\/ca\/espais\/","url":"https:\/\/restaurantsantlluis.com\/ca\/espais\/","name":"Espais - Restaurant Sant Lluis Platja d'Aro","isPartOf":{"@id":"https:\/\/restaurantsantlluis.com\/#website"},"datePublished":"2022-12-22T22:53:17+00:00","dateModified":"2023-04-23T22:47:29+00:00","breadcrumb":{"@id":"https:\/\/restaurantsantlluis.com\/ca\/espais\/#breadcrumb"},"inLanguage":"ca","potentialAction":[{"@type":"ReadAction","target":["https:\/\/restaurantsantlluis.com\/ca\/espais\/"]}]},{"@type":"BreadcrumbList","@id":"https:\/\/restaurantsantlluis.com\/ca\/espais\/#breadcrumb","itemListElement":[{"@type":"ListItem","position":1,"name":"Home","item":"https:\/\/restaurantsantlluis.com\/ca\/"},{"@type":"ListItem","position":2,"name":"Espais CA"}]},{"@type":"WebSite","@id":"https:\/\/restaurantsantlluis.com\/#website","url":"https:\/\/restaurantsantlluis.com\/","name":"Restaurant Sant Lluis","description":"","potentialAction":[{"@type":"SearchAction","target":{"@type":"EntryPoint","urlTemplate":"https:\/\/restaurantsantlluis.com\/?s={search_term_string}"},"query-input":"required name=search_term_string"}],"inLanguage":"ca"}]}},"_links":{"self":[{"href":"https:\/\/restaurantsantlluis.com\/ca\/wp-json\/wp\/v2\/pages\/3893"}],"collection":[{"href":"https:\/\/restaurantsantlluis.com\/ca\/wp-json\/wp\/v2\/pages"}],"about":[{"href":"https:\/\/restaurantsantlluis.com\/ca\/wp-json\/wp\/v2\/types\/page"}],"author":[{"embeddable":true,"href":"https:\/\/restaurantsantlluis.com\/ca\/wp-json\/wp\/v2\/users\/1"}],"replies":[{"embeddable":true,"href":"https:\/\/restaurantsantlluis.com\/ca\/wp-json\/wp\/v2\/comments?post=3893"}],"version-history":[{"count":0,"href":"https:\/\/restaurantsantlluis.com\/ca\/wp-json\/wp\/v2\/pages\/3893\/revisions"}],"wp:featuredmedia":[{"embeddable":true,"href":"https:\/\/restaurantsantlluis.com\/ca\/wp-json\/wp\/v2\/media\/3702"}],"wp:attachment":[{"href":"https:\/\/restaurantsantlluis.com\/ca\/wp-json\/wp\/v2\/media?parent=3893"}],"curies":[{"name":"wp","href":"https:\/\/api.w.org\/{rel}","templated":true}]}}